{"id":2418,"date":"2024-10-24T12:53:41","date_gmt":"2024-10-24T09:53:41","guid":{"rendered":"https:\/\/clinicavictoria.ro\/ramnicu-valcea\/?page_id=2418"},"modified":"2024-10-24T12:59:11","modified_gmt":"2024-10-24T09:59:11","slug":"medic-dr-corina-tirlea","status":"publish","type":"page","link":"https:\/\/clinicavictoria.ro\/ramnicu-valcea\/medic-dr-corina-tirlea\/","title":{"rendered":"Medic \u2013 Dr. Corina \u021a\u00eerlea"},"content":{"rendered":"<div class=\"gb-container gb-container-9092b670\"><div class=\"gb-inside-container\">\n\n<h2 class=\"gb-headline gb-headline-a3365616 gb-headline-text\">Medic &#8211; Dr. Corina \u021a\u00eerlea<\/h2>\n\n\n\n<h4 class=\"gb-headline gb-headline-c5999d27 gb-headline-text\"><strong><strong><strong>Medic Stomatolog<\/strong><\/strong><\/strong><\/h4>\n\n\n\n<div class=\"line-separator\"><\/div>\n\n\n\n<h6 class=\"gb-headline gb-headline-986fa71f gb-headline-text\"><strong>Clinica Dentar\u0103 Victoria R\u00e2mnicu V\u00e2lcea<\/strong><\/h6>\n\n<\/div><\/div>\n\n\n<div style=\"height:32px\" aria-hidden=\"true\" class=\"wp-block-spacer\"><\/div>\n\n\n<div class=\"gb-container gb-container-3e659ef2\"><div class=\"gb-inside-container\">\n<div class=\"gb-grid-wrapper gb-grid-wrapper-7a1c193e\">\n<div class=\"gb-grid-column gb-grid-column-4457ebb6\"><div class=\"gb-container gb-container-4457ebb6 contaier-box-with-shadow\"><div class=\"gb-inside-container\">\n<div class=\"gb-container gb-container-db999ad6\"><div class=\"gb-inside-container\">\n\n<figure class=\"wp-block-image size-full container-image-with-shadow\"><img loading=\"lazy\" decoding=\"async\" width=\"600\" height=\"900\" src=\"https:\/\/clinicavictoria.ro\/ramnicu-valcea\/wp-content\/uploads\/2022\/08\/Dr.-Corina-Tirlea-medic-stomatolog-protetica.webp\" alt=\"Dr. Corina Tirlea medic stomatolog protetica\" class=\"wp-image-2193\" srcset=\"https:\/\/clinicavictoria.ro\/ramnicu-valcea\/wp-content\/uploads\/2022\/08\/Dr.-Corina-Tirlea-medic-stomatolog-protetica.webp 600w, https:\/\/clinicavictoria.ro\/ramnicu-valcea\/wp-content\/uploads\/2022\/08\/Dr.-Corina-Tirlea-medic-stomatolog-protetica-200x300.webp 200w\" sizes=\"auto, (max-width: 600px) 100vw, 600px\" \/><\/figure>\n\n<\/div><\/div>\n\n\n<div style=\"height:12px\" aria-hidden=\"true\" class=\"wp-block-spacer\"><\/div>\n\n<\/div><\/div><\/div>\n\n<div class=\"gb-grid-column gb-grid-column-ff1cb5ef\"><div class=\"gb-container gb-container-ff1cb5ef\"><div class=\"gb-inside-container\">\n<div class=\"gb-container gb-container-2d2fde31\"><div class=\"gb-inside-container\">\n\n<h3 class=\"gb-headline gb-headline-b991e5ab gb-headline-text\">Formare profesional\u0103<\/h3>\n\n\n\n<p>Am absolvit Facultatea de Medicin\u0103 Dentar\u0103 &#8220;Victor Papilian&#8221; din cadrul Universit\u0103\u021bii &#8220;Lucian Blaga&#8221; din Sibiu, \u00een anul 2015.<\/p>\n\n\n\n<h3 class=\"gb-headline gb-headline-9ebff3e5 gb-headline-text\">Cursuri \u0219i congrese<\/h3>\n\n\n\n<ul class=\"wp-block-list list-elements\">\n<li>Restaurare edentatiilor uni \u0219i pluridentare pe implanturi, &#8220;Dr. Lucian Toma Ciocan, Dr. Gabriel Mu\u0219etescu&#8221;;<\/li>\n\n\n\n<li>Conceptul PRO ARCH EXPRET SERIES \u00een reabilitarea edentatiilor totale, &#8220;Dr. Ovidiu Dumitru, Dr. Varol Curt-Nazar&#8221;;<\/li>\n\n\n\n<li>&#8220;Metode, tehnici \u0219i viziuni interdisciplinare \u00een medicin\u0103 dentar\u0103. Profesionalism, competen\u021b\u0103 \u0219i art\u0103 \u00een practic\u0103 curent\u0103 din cabinetul de medicin\u0103 dentar\u0103. Cocktail de implanto-estetic\u0103 \u0219i oportunit\u0103\u021bi digitale \u00een stomatologie&#8221;&#8216;<\/li>\n\n\n\n<li>Fa\u021bete no-prep \u0219i par\u021bial prep estetic\u0103 minim invaziv\u0103, &#8220;Giuseppe Romeo&#8221;;<\/li>\n\n\n\n<li>a IV-a Conferin\u021b\u0103 Na\u021bional\u0103 a Societ\u0103\u021bii Rom\u00e2ne pentru Cercetare \u00een Medicin\u0103 Dentar\u0103- &#8220;Utilizarea computerului\u00a0\u00een reabilitarea oral\u0103&#8221;;<\/li>\n\n\n\n<li>Congresul Interna\u021bional de Estetic\u0103 Dentar\u0103 &#8220;Estetic\u0103 \u0219i func\u021bionalitate&#8221; 2016, 2019;<\/li>\n\n\n\n<li>Congresul Na\u021bional Zilele Medicinei Dentare Craiovene cu tema &#8220;IMPLICA\u021aIILE SCHIMB\u0102RILOR DIN VIA\u021aA SOCIAL\u0102 ASUPRA PRACTICII STOMATOLOGICE&#8221; ;<\/li>\n<\/ul>\n\n\n\n<blockquote class=\"wp-block-quote is-layout-flow wp-block-quote-is-layout-flow\">\n<p>Scopul meu este s\u0103 redau nu doar func\u021bionalitatea z\u00e2mbetului, ci \u0219i \u00eencrederea \u00een sine. Fie c\u0103 pacientul are nevoie de o simpl\u0103 reabilitare sau de o solu\u021bie complex\u0103 pentru refacerea danturii, sunt aici pentru a-l ghida \u0219i pentru a-i oferi cele mai potrivite op\u021biuni de tratament.<\/p>\n<cite>Dr. Corina \u021a\u00eerlea<\/cite><\/blockquote>\n\n\n\n<h3 class=\"gb-headline gb-headline-58e4f45f gb-headline-text\">Descriere \u0219i abordare profesional\u0103<\/h3>\n\n\n\n<p>Consider c\u0103 a fi empatic \u00een aceast\u0103 ramur\u0103 a medicinei spune totul despre tine ca om \u0219i face diferen\u021ba \u00een comunicarea dintre medic \u0219i pacient. \u00cemi place s\u0103 cred c\u0103 prin prezentarea unui plan de tratament corect, ajung s\u0103 am o comunicare la superlativ cu pacien\u021bii \u0219i totul se termin\u0103 cu un z\u00e2mbet pe m\u0103sur\u0103.<\/p>\n\n<\/div><\/div>\n<\/div><\/div><\/div>\n<\/div>\n<\/div><\/div>\n\n\n<div style=\"height:32px\" aria-hidden=\"true\" class=\"wp-block-spacer\"><\/div>\n\n\n\n<figure class=\"wp-block-embed is-type-video is-provider-youtube wp-block-embed-youtube wp-embed-aspect-16-9 wp-has-aspect-ratio\"><div class=\"wp-block-embed__wrapper\">\n<div class=\"epyt-video-wrapper\"><div  id=\"_ytid_33550\"  width=\"1200\" height=\"675\"  data-origwidth=\"1200\" data-origheight=\"675\" data-facadesrc=\"https:\/\/www.youtube.com\/embed\/x7bmXagJ1bI?enablejsapi=1&#038;autoplay=0&#038;cc_load_policy=0&#038;cc_lang_pref=&#038;iv_load_policy=1&#038;loop=0&#038;rel=0&#038;fs=1&#038;playsinline=0&#038;autohide=2&#038;theme=dark&#038;color=red&#038;controls=1&#038;disablekb=0&#038;\" class=\"__youtube_prefs__ epyt-facade epyt-is-override  no-lazyload\" data-epautoplay=\"1\" ><img decoding=\"async\" data-spai-excluded=\"true\" class=\"epyt-facade-poster skip-lazy\" loading=\"lazy\"  alt=\"YouTube player\"  src=\"https:\/\/i.ytimg.com\/vi\/x7bmXagJ1bI\/maxresdefault.jpg\"  \/><button class=\"epyt-facade-play\" aria-label=\"Play\"><svg data-no-lazy=\"1\" height=\"100%\" version=\"1.1\" viewBox=\"0 0 68 48\" width=\"100%\"><path class=\"ytp-large-play-button-bg\" d=\"M66.52,7.74c-0.78-2.93-2.49-5.41-5.42-6.19C55.79,.13,34,0,34,0S12.21,.13,6.9,1.55 C3.97,2.33,2.27,4.81,1.48,7.74C0.06,13.05,0,24,0,24s0.06,10.95,1.48,16.26c0.78,2.93,2.49,5.41,5.42,6.19 C12.21,47.87,34,48,34,48s21.79-0.13,27.1-1.55c2.93-0.78,4.64-3.26,5.42-6.19C67.94,34.95,68,24,68,24S67.94,13.05,66.52,7.74z\" fill=\"#f00\"><\/path><path d=\"M 45,24 27,14 27,34\" fill=\"#fff\"><\/path><\/svg><\/button><\/div><\/div>\n<\/div><\/figure>\n\n\n\n<div style=\"height:32px\" aria-hidden=\"true\" class=\"wp-block-spacer\"><\/div>\n","protected":false},"excerpt":{"rendered":"<p>Medic &#8211; Dr. Corina \u021a\u00eerlea Medic Stomatolog Clinica Dentar\u0103 Victoria R\u00e2mnicu V\u00e2lcea<\/p>\n","protected":false},"author":3,"featured_media":2193,"parent":0,"menu_order":0,"comment_status":"closed","ping_status":"closed","template":"","meta":{"inline_featured_image":false,"footnotes":""},"class_list":["post-2418","page","type-page","status-publish","has-post-thumbnail"],"yoast_head":"<!-- This site is optimized with the Yoast SEO plugin v27.4 - https:\/\/yoast.com\/product\/yoast-seo-wordpress\/ -->\n<title>Medic \u2013 Dr. Corina \u021a\u00eerlea<\/title>\n<meta name=\"description\" content=\"Dr. Corina \u021a\u00eerlea este specializat\u0103 \u00een protetic\u0103 dentar\u0103 \u0219i ofer\u0103 pacien\u021bilor solu\u021bii estetice \u0219i func\u021bionale personalizate. F\u0103-\u021bi o programare azi.\" \/>\n<meta name=\"robots\" content=\"index, follow, max-snippet:-1, max-image-preview:large, max-video-preview:-1\" \/>\n<link rel=\"canonical\" href=\"https:\/\/clinicavictoria.ro\/ramnicu-valcea\/medic-dr-corina-tirlea\/\" \/>\n<meta property=\"og:locale\" content=\"en_US\" \/>\n<meta property=\"og:type\" content=\"article\" \/>\n<meta property=\"og:title\" content=\"Medic \u2013 Dr. Corina \u021a\u00eerlea\" \/>\n<meta property=\"og:description\" content=\"Dr. Corina \u021a\u00eerlea este specializat\u0103 \u00een protetic\u0103 dentar\u0103 \u0219i ofer\u0103 pacien\u021bilor solu\u021bii estetice \u0219i func\u021bionale personalizate. F\u0103-\u021bi o programare azi.\" \/>\n<meta property=\"og:url\" content=\"https:\/\/clinicavictoria.ro\/ramnicu-valcea\/medic-dr-corina-tirlea\/\" \/>\n<meta property=\"og:site_name\" content=\"Clinica dentar\u0103 Victoria - R\u00e2mnicu V\u00e2lcea\" \/>\n<meta property=\"article:modified_time\" content=\"2024-10-24T09:59:11+00:00\" \/>\n<meta property=\"og:image\" content=\"https:\/\/clinicavictoria.ro\/ramnicu-valcea\/wp-content\/uploads\/2022\/08\/Dr.-Corina-Tirlea-medic-stomatolog-protetica.webp\" \/>\n\t<meta property=\"og:image:width\" content=\"600\" \/>\n\t<meta property=\"og:image:height\" content=\"900\" \/>\n\t<meta property=\"og:image:type\" content=\"image\/webp\" \/>\n<meta name=\"twitter:card\" content=\"summary_large_image\" \/>\n<meta name=\"twitter:label1\" content=\"Est. reading time\" \/>\n\t<meta name=\"twitter:data1\" content=\"2 minutes\" \/>\n<script type=\"application\/ld+json\" class=\"yoast-schema-graph\">{\"@context\":\"https:\\\/\\\/schema.org\",\"@graph\":[{\"@type\":\"WebPage\",\"@id\":\"https:\\\/\\\/clinicavictoria.ro\\\/ramnicu-valcea\\\/medic-dr-corina-tirlea\\\/\",\"url\":\"https:\\\/\\\/clinicavictoria.ro\\\/ramnicu-valcea\\\/medic-dr-corina-tirlea\\\/\",\"name\":\"Medic \u2013 Dr. Corina \u021a\u00eerlea\",\"isPartOf\":{\"@id\":\"https:\\\/\\\/clinicavictoria.ro\\\/ramnicu-valcea\\\/#website\"},\"primaryImageOfPage\":{\"@id\":\"https:\\\/\\\/clinicavictoria.ro\\\/ramnicu-valcea\\\/medic-dr-corina-tirlea\\\/#primaryimage\"},\"image\":{\"@id\":\"https:\\\/\\\/clinicavictoria.ro\\\/ramnicu-valcea\\\/medic-dr-corina-tirlea\\\/#primaryimage\"},\"thumbnailUrl\":\"https:\\\/\\\/clinicavictoria.ro\\\/ramnicu-valcea\\\/wp-content\\\/uploads\\\/2022\\\/08\\\/Dr.-Corina-Tirlea-medic-stomatolog-protetica.webp\",\"datePublished\":\"2024-10-24T09:53:41+00:00\",\"dateModified\":\"2024-10-24T09:59:11+00:00\",\"description\":\"Dr. Corina \u021a\u00eerlea este specializat\u0103 \u00een protetic\u0103 dentar\u0103 \u0219i ofer\u0103 pacien\u021bilor solu\u021bii estetice \u0219i func\u021bionale personalizate. F\u0103-\u021bi o programare azi.\",\"breadcrumb\":{\"@id\":\"https:\\\/\\\/clinicavictoria.ro\\\/ramnicu-valcea\\\/medic-dr-corina-tirlea\\\/#breadcrumb\"},\"inLanguage\":\"en-US\",\"potentialAction\":[{\"@type\":\"ReadAction\",\"target\":[\"https:\\\/\\\/clinicavictoria.ro\\\/ramnicu-valcea\\\/medic-dr-corina-tirlea\\\/\"]}]},{\"@type\":\"ImageObject\",\"inLanguage\":\"en-US\",\"@id\":\"https:\\\/\\\/clinicavictoria.ro\\\/ramnicu-valcea\\\/medic-dr-corina-tirlea\\\/#primaryimage\",\"url\":\"https:\\\/\\\/clinicavictoria.ro\\\/ramnicu-valcea\\\/wp-content\\\/uploads\\\/2022\\\/08\\\/Dr.-Corina-Tirlea-medic-stomatolog-protetica.webp\",\"contentUrl\":\"https:\\\/\\\/clinicavictoria.ro\\\/ramnicu-valcea\\\/wp-content\\\/uploads\\\/2022\\\/08\\\/Dr.-Corina-Tirlea-medic-stomatolog-protetica.webp\",\"width\":600,\"height\":900,\"caption\":\"Dr. Corina Tirlea medic stomatolog protetica\"},{\"@type\":\"BreadcrumbList\",\"@id\":\"https:\\\/\\\/clinicavictoria.ro\\\/ramnicu-valcea\\\/medic-dr-corina-tirlea\\\/#breadcrumb\",\"itemListElement\":[{\"@type\":\"ListItem\",\"position\":1,\"name\":\"Home\",\"item\":\"https:\\\/\\\/clinicavictoria.ro\\\/ramnicu-valcea\\\/\"},{\"@type\":\"ListItem\",\"position\":2,\"name\":\"Medic \u2013 Dr. Corina \u021a\u00eerlea\"}]},{\"@type\":\"WebSite\",\"@id\":\"https:\\\/\\\/clinicavictoria.ro\\\/ramnicu-valcea\\\/#website\",\"url\":\"https:\\\/\\\/clinicavictoria.ro\\\/ramnicu-valcea\\\/\",\"name\":\"Clinica dentar\u0103 Victoria - R\u00e2mnicu V\u00e2lcea\",\"description\":\"\",\"publisher\":{\"@id\":\"https:\\\/\\\/clinicavictoria.ro\\\/ramnicu-valcea\\\/#organization\"},\"potentialAction\":[{\"@type\":\"SearchAction\",\"target\":{\"@type\":\"EntryPoint\",\"urlTemplate\":\"https:\\\/\\\/clinicavictoria.ro\\\/ramnicu-valcea\\\/?s={search_term_string}\"},\"query-input\":{\"@type\":\"PropertyValueSpecification\",\"valueRequired\":true,\"valueName\":\"search_term_string\"}}],\"inLanguage\":\"en-US\"},{\"@type\":\"Organization\",\"@id\":\"https:\\\/\\\/clinicavictoria.ro\\\/ramnicu-valcea\\\/#organization\",\"name\":\"Clinica dentar\u0103 Victoria - R\u00e2mnicu V\u00e2lcea\",\"url\":\"https:\\\/\\\/clinicavictoria.ro\\\/ramnicu-valcea\\\/\",\"logo\":{\"@type\":\"ImageObject\",\"inLanguage\":\"en-US\",\"@id\":\"https:\\\/\\\/clinicavictoria.ro\\\/ramnicu-valcea\\\/#\\\/schema\\\/logo\\\/image\\\/\",\"url\":\"https:\\\/\\\/clinicavictoria.ro\\\/ramnicu-valcea\\\/wp-content\\\/uploads\\\/2022\\\/08\\\/logo_clinicavictoria_rv.png\",\"contentUrl\":\"https:\\\/\\\/clinicavictoria.ro\\\/ramnicu-valcea\\\/wp-content\\\/uploads\\\/2022\\\/08\\\/logo_clinicavictoria_rv.png\",\"width\":700,\"height\":190,\"caption\":\"Clinica dentar\u0103 Victoria - R\u00e2mnicu V\u00e2lcea\"},\"image\":{\"@id\":\"https:\\\/\\\/clinicavictoria.ro\\\/ramnicu-valcea\\\/#\\\/schema\\\/logo\\\/image\\\/\"}}]}<\/script>\n<!-- \/ Yoast SEO plugin. -->","yoast_head_json":{"title":"Medic \u2013 Dr. Corina \u021a\u00eerlea","description":"Dr. Corina \u021a\u00eerlea este specializat\u0103 \u00een protetic\u0103 dentar\u0103 \u0219i ofer\u0103 pacien\u021bilor solu\u021bii estetice \u0219i func\u021bionale personalizate. F\u0103-\u021bi o programare azi.","robots":{"index":"index","follow":"follow","max-snippet":"max-snippet:-1","max-image-preview":"max-image-preview:large","max-video-preview":"max-video-preview:-1"},"canonical":"https:\/\/clinicavictoria.ro\/ramnicu-valcea\/medic-dr-corina-tirlea\/","og_locale":"en_US","og_type":"article","og_title":"Medic \u2013 Dr. Corina \u021a\u00eerlea","og_description":"Dr. Corina \u021a\u00eerlea este specializat\u0103 \u00een protetic\u0103 dentar\u0103 \u0219i ofer\u0103 pacien\u021bilor solu\u021bii estetice \u0219i func\u021bionale personalizate. F\u0103-\u021bi o programare azi.","og_url":"https:\/\/clinicavictoria.ro\/ramnicu-valcea\/medic-dr-corina-tirlea\/","og_site_name":"Clinica dentar\u0103 Victoria - R\u00e2mnicu V\u00e2lcea","article_modified_time":"2024-10-24T09:59:11+00:00","og_image":[{"width":600,"height":900,"url":"https:\/\/clinicavictoria.ro\/ramnicu-valcea\/wp-content\/uploads\/2022\/08\/Dr.-Corina-Tirlea-medic-stomatolog-protetica.webp","type":"image\/webp"}],"twitter_card":"summary_large_image","twitter_misc":{"Est. reading time":"2 minutes"},"schema":{"@context":"https:\/\/schema.org","@graph":[{"@type":"WebPage","@id":"https:\/\/clinicavictoria.ro\/ramnicu-valcea\/medic-dr-corina-tirlea\/","url":"https:\/\/clinicavictoria.ro\/ramnicu-valcea\/medic-dr-corina-tirlea\/","name":"Medic \u2013 Dr. Corina \u021a\u00eerlea","isPartOf":{"@id":"https:\/\/clinicavictoria.ro\/ramnicu-valcea\/#website"},"primaryImageOfPage":{"@id":"https:\/\/clinicavictoria.ro\/ramnicu-valcea\/medic-dr-corina-tirlea\/#primaryimage"},"image":{"@id":"https:\/\/clinicavictoria.ro\/ramnicu-valcea\/medic-dr-corina-tirlea\/#primaryimage"},"thumbnailUrl":"https:\/\/clinicavictoria.ro\/ramnicu-valcea\/wp-content\/uploads\/2022\/08\/Dr.-Corina-Tirlea-medic-stomatolog-protetica.webp","datePublished":"2024-10-24T09:53:41+00:00","dateModified":"2024-10-24T09:59:11+00:00","description":"Dr. Corina \u021a\u00eerlea este specializat\u0103 \u00een protetic\u0103 dentar\u0103 \u0219i ofer\u0103 pacien\u021bilor solu\u021bii estetice \u0219i func\u021bionale personalizate. F\u0103-\u021bi o programare azi.","breadcrumb":{"@id":"https:\/\/clinicavictoria.ro\/ramnicu-valcea\/medic-dr-corina-tirlea\/#breadcrumb"},"inLanguage":"en-US","potentialAction":[{"@type":"ReadAction","target":["https:\/\/clinicavictoria.ro\/ramnicu-valcea\/medic-dr-corina-tirlea\/"]}]},{"@type":"ImageObject","inLanguage":"en-US","@id":"https:\/\/clinicavictoria.ro\/ramnicu-valcea\/medic-dr-corina-tirlea\/#primaryimage","url":"https:\/\/clinicavictoria.ro\/ramnicu-valcea\/wp-content\/uploads\/2022\/08\/Dr.-Corina-Tirlea-medic-stomatolog-protetica.webp","contentUrl":"https:\/\/clinicavictoria.ro\/ramnicu-valcea\/wp-content\/uploads\/2022\/08\/Dr.-Corina-Tirlea-medic-stomatolog-protetica.webp","width":600,"height":900,"caption":"Dr. Corina Tirlea medic stomatolog protetica"},{"@type":"BreadcrumbList","@id":"https:\/\/clinicavictoria.ro\/ramnicu-valcea\/medic-dr-corina-tirlea\/#breadcrumb","itemListElement":[{"@type":"ListItem","position":1,"name":"Home","item":"https:\/\/clinicavictoria.ro\/ramnicu-valcea\/"},{"@type":"ListItem","position":2,"name":"Medic \u2013 Dr. Corina \u021a\u00eerlea"}]},{"@type":"WebSite","@id":"https:\/\/clinicavictoria.ro\/ramnicu-valcea\/#website","url":"https:\/\/clinicavictoria.ro\/ramnicu-valcea\/","name":"Clinica dentar\u0103 Victoria - R\u00e2mnicu V\u00e2lcea","description":"","publisher":{"@id":"https:\/\/clinicavictoria.ro\/ramnicu-valcea\/#organization"},"potentialAction":[{"@type":"SearchAction","target":{"@type":"EntryPoint","urlTemplate":"https:\/\/clinicavictoria.ro\/ramnicu-valcea\/?s={search_term_string}"},"query-input":{"@type":"PropertyValueSpecification","valueRequired":true,"valueName":"search_term_string"}}],"inLanguage":"en-US"},{"@type":"Organization","@id":"https:\/\/clinicavictoria.ro\/ramnicu-valcea\/#organization","name":"Clinica dentar\u0103 Victoria - R\u00e2mnicu V\u00e2lcea","url":"https:\/\/clinicavictoria.ro\/ramnicu-valcea\/","logo":{"@type":"ImageObject","inLanguage":"en-US","@id":"https:\/\/clinicavictoria.ro\/ramnicu-valcea\/#\/schema\/logo\/image\/","url":"https:\/\/clinicavictoria.ro\/ramnicu-valcea\/wp-content\/uploads\/2022\/08\/logo_clinicavictoria_rv.png","contentUrl":"https:\/\/clinicavictoria.ro\/ramnicu-valcea\/wp-content\/uploads\/2022\/08\/logo_clinicavictoria_rv.png","width":700,"height":190,"caption":"Clinica dentar\u0103 Victoria - R\u00e2mnicu V\u00e2lcea"},"image":{"@id":"https:\/\/clinicavictoria.ro\/ramnicu-valcea\/#\/schema\/logo\/image\/"}}]}},"_links":{"self":[{"href":"https:\/\/clinicavictoria.ro\/ramnicu-valcea\/wp-json\/wp\/v2\/pages\/2418","targetHints":{"allow":["GET"]}}],"collection":[{"href":"https:\/\/clinicavictoria.ro\/ramnicu-valcea\/wp-json\/wp\/v2\/pages"}],"about":[{"href":"https:\/\/clinicavictoria.ro\/ramnicu-valcea\/wp-json\/wp\/v2\/types\/page"}],"author":[{"embeddable":true,"href":"https:\/\/clinicavictoria.ro\/ramnicu-valcea\/wp-json\/wp\/v2\/users\/3"}],"replies":[{"embeddable":true,"href":"https:\/\/clinicavictoria.ro\/ramnicu-valcea\/wp-json\/wp\/v2\/comments?post=2418"}],"version-history":[{"count":3,"href":"https:\/\/clinicavictoria.ro\/ramnicu-valcea\/wp-json\/wp\/v2\/pages\/2418\/revisions"}],"predecessor-version":[{"id":2423,"href":"https:\/\/clinicavictoria.ro\/ramnicu-valcea\/wp-json\/wp\/v2\/pages\/2418\/revisions\/2423"}],"wp:featuredmedia":[{"embeddable":true,"href":"https:\/\/clinicavictoria.ro\/ramnicu-valcea\/wp-json\/wp\/v2\/media\/2193"}],"wp:attachment":[{"href":"https:\/\/clinicavictoria.ro\/ramnicu-valcea\/wp-json\/wp\/v2\/media?parent=2418"}],"curies":[{"name":"wp","href":"https:\/\/api.w.org\/{rel}","templated":true}]}}