{"id":2530,"date":"2024-06-20T15:54:39","date_gmt":"2024-06-20T12:54:39","guid":{"rendered":"https:\/\/clinicavictoria.ro\/pitesti\/?page_id=2530"},"modified":"2024-06-20T15:59:08","modified_gmt":"2024-06-20T12:59:08","slug":"dr-ligia-comanescu","status":"publish","type":"page","link":"https:\/\/clinicavictoria.ro\/pitesti\/dr-ligia-comanescu\/","title":{"rendered":"Dr. Ligia Comanescu"},"content":{"rendered":"<div class=\"gb-container gb-container-9092b670\"><div class=\"gb-inside-container\">\n\n<h1 class=\"gb-headline gb-headline-a3365616 gb-headline-text\">Dr. Ligia Com\u0103nescu<\/h1>\n\n\n\n<h2 class=\"gb-headline gb-headline-c5999d27 gb-headline-text\"><strong><strong>Medic Stomatolog Specialist Ortodont<\/strong><\/strong><\/h2>\n\n\n\n<div class=\"line-separator\"><\/div>\n\n\n\n<h2 class=\"gb-headline gb-headline-986fa71f gb-headline-text\"><strong><strong>Clinic\u0103 Dentar\u0103 Victoria Pite\u0219ti<\/strong><\/strong><\/h2>\n\n<\/div><\/div>\n\n\n<div style=\"height:32px\" aria-hidden=\"true\" class=\"wp-block-spacer\"><\/div>\n\n\n<div class=\"gb-container gb-container-0a10d290\"><div class=\"gb-inside-container\">\n<div class=\"gb-grid-wrapper gb-grid-wrapper-cae0effe\">\n<div class=\"gb-grid-column gb-grid-column-340a889e\"><div class=\"gb-container gb-container-340a889e contaier-box-with-shadow\"><div class=\"gb-inside-container\">\n<div class=\"gb-container gb-container-665d604d\"><div class=\"gb-inside-container\">\n\n<figure class=\"wp-block-image size-full container-image-with-shadow\"><img loading=\"lazy\" decoding=\"async\" width=\"600\" height=\"900\" src=\"https:\/\/clinicavictoria.ro\/pitesti\/wp-content\/uploads\/2022\/08\/Dr.-Ligia-Coma\u0306nescu-medic-specialist-ortodont.webp\" alt=\"Dr. Ligia Coma\u0306nescu medic specialist ortodont\" class=\"wp-image-1842\" srcset=\"https:\/\/clinicavictoria.ro\/pitesti\/wp-content\/uploads\/2022\/08\/Dr.-Ligia-Coma\u0306nescu-medic-specialist-ortodont.webp 600w, https:\/\/clinicavictoria.ro\/pitesti\/wp-content\/uploads\/2022\/08\/Dr.-Ligia-Coma\u0306nescu-medic-specialist-ortodont-200x300.webp 200w\" sizes=\"(max-width: 600px) 100vw, 600px\" \/><\/figure>\n\n<\/div><\/div>\n\n\n<div style=\"height:12px\" aria-hidden=\"true\" class=\"wp-block-spacer\"><\/div>\n\n<\/div><\/div><\/div>\n\n<div class=\"gb-grid-column gb-grid-column-8648c16b\"><div class=\"gb-container gb-container-8648c16b\"><div class=\"gb-inside-container\">\n\n<h3 class=\"gb-headline gb-headline-b7fcf07a gb-headline-text\"><strong><strong>Formare profesional\u0103&nbsp;<\/strong><\/strong><\/h3>\n\n\n\n<p>Sunt Ligia Com\u0103nescu \u0219i de 13 ani practic ortodon\u021bie cu pasiune zi de zi.&nbsp;N\u0103scut\u0103 \u0219i crescut\u0103 \u00een Bucure\u0219ti, am l\u0103sat capitala \u00een urm\u0103 pentru toate beneficiile oferite de prima clinic\u0103 Victoria &#8211; pentru mine, locul ideal de munc\u0103.<\/p>\n\n\n\n<p>Am terminat liceul Mihai Viteazul din capital\u0103&nbsp;(profil mate-info intensiv englez\u0103), facultatea de Medicin\u0103 Dentar\u0103 din cadrul Universit\u0103\u021bii Carol Davila din Bucure\u0219ti, urmate de cei 3 ani de specializare \u00een ortodon\u021bie \u00een cadrul aceluia\u0219 centru universitar iar apoi mi-am \u00eendreptat toate visurile profesionale \u0219i personale c\u0103tre Pite\u0219ti.<\/p>\n\n\n\n<p>Din copil\u0103rie am fost \u00eendr\u0103gostit\u0103 de ortodon\u021bie, fiind cucerit\u0103 de ochii alba\u0219tri ai doctori\u021bei mele &#8211; Lidia Boboc, care mi-a \u00eendrumat indirect pa\u0219ii \u0219i dorin\u021ba c\u0103tre meseria asta artistic\u0103.<\/p>\n\n\n\n<p>Am devenit medic pentru c\u0103 iubesc oamenii, \u00eemi place s\u0103 \u00eei ascult, s\u0103 \u00eei v\u0103d cu adev\u0103rat, s\u0103 \u00eei ajut s\u0103 se vad\u0103 pe sine dincolo de cerin\u021bele sociale sau de limitele puse de fiecare \u00een parte.&nbsp;Pacien\u021bii mei sunt de obicei tineri, \u00een special copii, care \u00eemp\u0103rt\u0103\u0219esc cu mine pasiunile, idealurile \u0219i planurile lor de viitor, iar mul\u021bi dintre ei \u00ee\u0219i doresc s\u0103 \u00eemi urmeze profesia. Cum tratamentul ortodontic se \u00eentinde pe o perioada mai lung\u0103 de timp, ajung s\u0103 leg prietenii frumoase cu pacien\u021bii mei, s\u0103 ii vad cum cresc, cum dau examene, cum se \u00eendr\u0103gostesc \u0219i cum, pe m\u0103sur\u0103 ce li se \u00eendreapt\u0103 din\u021bii, prind \u00eencredere s\u0103 z\u00e2mbeasc\u0103 cu adev\u0103rat, din suflet.<\/p>\n\n\n\n<h3 class=\"gb-headline gb-headline-41fac9b7 gb-headline-text\"><strong>Cursuri \u0219i congrese:<\/strong><\/h3>\n\n\n\n<p>\u00cenv\u0103\u021b c\u00e2te ceva nou \u00een fiecare zi, despre c\u00e2t de important\u0103 este leg\u0103tur\u0103 dinte oameni, despre c\u00e2t conteaz\u0103 s\u0103 faci BINE ceea ce iube\u0219ti. \u00cenv\u0103\u021b de la pacien\u021bii mei, de la p\u0103rin\u021bii lor, de la lectorii pe care ii ascult \u0219i admir. Cele mai dragi cursuri la care am participat au fost:<\/p>\n\n\n\n<ul class=\"list-number-elements\">\n<li>From orthodontically facilitated periodontics to periodontally facilitated orthodontics &#8211; lector Dr Raffaele Spena<\/li>\n\n\n\n<li>Orthodontic treatment stategies in mixed dentition &#8211; lector Dr Jorge Ayala<\/li>\n\n\n\n<li>Treatment of impacted teeth: orthodontic and surgical perspective &#8211; lectori: Dr Stella Chaushu, Dr Adrian Becker<\/li>\n\n\n\n<li>Biological and biomechanical efficiecy in different age periods &#8211; lector Dr Raffaele Spena<\/li>\n<\/ul>\n\n\n\n<h3 class=\"gb-headline gb-headline-63aa7ea6 gb-headline-text\"><strong><strong>Descriere \u0219i Abordare profesional\u0103<\/strong><\/strong><\/h3>\n\n\n\n<p>Ortodon\u021bia se \u00eentinde dincolo de aparate, biomecanic\u01ce sau for\u021be aplicate corect pe din\u021bi.<\/p>\n\n\n\n<p>Ortodon\u021bia este despre a motiva pacientul s\u0103 z\u00e2mbeasc\u0103 sincer, f\u0103r\u0103 bariere \u0219i s\u0103 \u00ee\u0219i arate mereu sentimentele nu doar prin cuvinte sau gesturi.<\/p>\n\n\n\n<p>Ortodon\u021bia este despre \u00eencredere \u00een sine, \u00een z\u00e2mbetul propriu \u0219i \u00een medicul care ghideaz\u0103 aceast\u0103 c\u0103l\u0103torie.<\/p>\n\n\n\n<p>Am o sensibilitate mare c\u0103tre frumos, c\u0103tre detalii \u0219i c\u0103tre lucrurile m\u0103runte care au putere de a transforma iar pentru mine cazul fiec\u0103rui pacient este o form\u0103 de art\u0103\u2026&nbsp;A\u0219a c\u0103 mi-am f\u0103cut o mic\u0103 expozi\u021bie \u00een cabinet cu pozele z\u00e2mbetelor la final de tratament, fiind mult\u0103 veselie \u00een locul \u00een care lucrez\u2026 Pentru c\u0103 avem nevoie de frumos ca de aer\u2026<\/p>\n\n\n\n<p>Dac\u0103 nu a\u0219 fi fost medic stomatolog mi-ar fi pl\u0103cut s\u0103 fiu arhitect la <em>Visuri la cheie.<\/em><\/p>\n\n\n\n<p>\u00cemi plac mult pove\u0219tile \u0219i \u00eemi place enorm s\u0103 citesc \u0219i s\u0103 le \u00eemprumut pacien\u021bilor c\u0103r\u021bi din biblioteca personal\u0103, \u00eencuraj\u00e2ndu-i s\u0103 petreac\u0103 timpul cu sens. <\/p>\n\n\n\n<p>\u00cemi place s\u0103 fac fotografii, s\u0103 m\u0103 joc cu b\u0103ie\u021beii mei, s\u0103 m\u0103 plimb prin p\u0103dure, s\u0103 cro\u0219etez, s\u0103 colorez, s\u0103 fac m\u0103r\u021bi\u0219oare \u0219i cercei, s\u0103 decorez casa \u0219i cabinetul \u0219i s\u0103 ofer cadouri.<\/p>\n\n\n\n<p>\u00cemi plac scoicile, valurile, rochi\u021bele, culorile, psihologia, mirosul c\u0103r\u021bilor, fulgii de nea, ziua de vineri, mirosul de cafea, vocea bl\u00e2nd\u0103, oamenii sinceri \u0219i simpli, lev\u0103n\u021bic\u0103 \u0219i l\u0103cr\u0103mioarele, dimine\u021bile, prima pagin\u0103 dintr-o carte, designul de interior, pove\u0219tile din r\u0103zboi \u0219i despre Holocaust, ora\u0219ul Sighi\u0219oara \u0219i tot ce \u021bine de Ardeal, lucrurile bunicelor \u0219i tot ce au cro\u0219etat \u0219i cusut ele, scrisul de m\u00e2na, unghiile scurte \u0219i frumos colorate, balsamul de buze, frunzele de toamn\u0103, fluturii \u0219i \u00eencuraj\u0103rile.<\/p>\n\n\n\n<p>Simt \u0219i \u00eemi place s\u0103 spun c\u0103 <strong>AM CEA MAI FRUMOAS\u0102 MESERIE DIN LUME.<\/strong><\/p>\n\n<\/div><\/div><\/div>\n<\/div>\n<\/div><\/div>\n\n\n<div style=\"height:32px\" aria-hidden=\"true\" class=\"wp-block-spacer\"><\/div>\n\n\n\n<h4 class=\"gb-headline gb-headline-2904b656 gb-headline-text\"><strong>C\u00e2t dureaz\u0103 tratamentul ortodontic (aparatul dentar)? cu Dr. Ligia Com\u0103nescu<\/strong><\/h4>\n\n\n\n<figure class=\"wp-block-embed is-type-video is-provider-youtube wp-block-embed-youtube wp-embed-aspect-16-9 wp-has-aspect-ratio\"><div class=\"wp-block-embed__wrapper\">\n<div class=\"epyt-video-wrapper\"><div  id=\"_ytid_49208\"  width=\"1200\" height=\"675\"  data-origwidth=\"1200\" data-origheight=\"675\" data-facadesrc=\"https:\/\/www.youtube.com\/embed\/KRgbofqBCF0?enablejsapi=1&#038;autoplay=0&#038;cc_load_policy=0&#038;cc_lang_pref=&#038;iv_load_policy=1&#038;loop=0&#038;rel=0&#038;fs=1&#038;playsinline=0&#038;autohide=2&#038;theme=dark&#038;color=red&#038;controls=1&#038;disablekb=0&#038;\" class=\"__youtube_prefs__ epyt-facade epyt-is-override  no-lazyload\" data-epautoplay=\"1\" ><img decoding=\"async\" data-spai-excluded=\"true\" class=\"epyt-facade-poster skip-lazy\" loading=\"lazy\"  alt=\"YouTube player\"  src=\"https:\/\/i.ytimg.com\/vi\/KRgbofqBCF0\/maxresdefault.jpg\"  \/><button class=\"epyt-facade-play\" aria-label=\"Play\"><svg data-no-lazy=\"1\" height=\"100%\" version=\"1.1\" viewBox=\"0 0 68 48\" width=\"100%\"><path class=\"ytp-large-play-button-bg\" d=\"M66.52,7.74c-0.78-2.93-2.49-5.41-5.42-6.19C55.79,.13,34,0,34,0S12.21,.13,6.9,1.55 C3.97,2.33,2.27,4.81,1.48,7.74C0.06,13.05,0,24,0,24s0.06,10.95,1.48,16.26c0.78,2.93,2.49,5.41,5.42,6.19 C12.21,47.87,34,48,34,48s21.79-0.13,27.1-1.55c2.93-0.78,4.64-3.26,5.42-6.19C67.94,34.95,68,24,68,24S67.94,13.05,66.52,7.74z\" fill=\"#f00\"><\/path><path d=\"M 45,24 27,14 27,34\" fill=\"#fff\"><\/path><\/svg><\/button><\/div><\/div>\n<\/div><\/figure>\n","protected":false},"excerpt":{"rendered":"<p>Dr. Ligia Com\u0103nescu Medic Stomatolog Specialist Ortodont Clinic\u0103 Dentar\u0103 Victoria Pite\u0219ti C\u00e2t dureaz\u0103 tratamentul ortodontic (aparatul dentar)? cu Dr. Ligia Com\u0103nescu<\/p>\n","protected":false},"author":3,"featured_media":1842,"parent":0,"menu_order":0,"comment_status":"closed","ping_status":"closed","template":"","meta":{"inline_featured_image":false,"footnotes":""},"yoast_head":"<!-- This site is optimized with the Yoast SEO plugin v23.5 - https:\/\/yoast.com\/wordpress\/plugins\/seo\/ -->\n<title>Dr. Ligia Comanescu<\/title>\n<meta name=\"description\" content=\"Sunt Ligia Com\u0103nescu \u0219i de 13 ani practic ortodon\u021bie cu pasiune zi de zi. V\u0103 a\u0219tept cu drag pentru consulta\u021bii \u0219i tratamente ortodontice.\" \/>\n<meta name=\"robots\" content=\"index, follow, max-snippet:-1, max-image-preview:large, max-video-preview:-1\" \/>\n<link rel=\"canonical\" href=\"https:\/\/clinicavictoria.ro\/pitesti\/dr-ligia-comanescu\/\" \/>\n<meta property=\"og:locale\" content=\"en_US\" \/>\n<meta property=\"og:type\" content=\"article\" \/>\n<meta property=\"og:title\" content=\"Dr. Ligia Comanescu\" \/>\n<meta property=\"og:description\" content=\"Sunt Ligia Com\u0103nescu \u0219i de 13 ani practic ortodon\u021bie cu pasiune zi de zi. V\u0103 a\u0219tept cu drag pentru consulta\u021bii \u0219i tratamente ortodontice.\" \/>\n<meta property=\"og:url\" content=\"https:\/\/clinicavictoria.ro\/pitesti\/dr-ligia-comanescu\/\" \/>\n<meta property=\"og:site_name\" content=\"Clinica dentar\u0103 Victoria - Pite\u0219ti\" \/>\n<meta property=\"article:modified_time\" content=\"2024-06-20T12:59:08+00:00\" \/>\n<meta property=\"og:image\" content=\"https:\/\/clinicavictoria.ro\/pitesti\/wp-content\/uploads\/2022\/08\/Dr.-Ligia-Coma\u0306nescu-medic-specialist-ortodont.webp\" \/>\n\t<meta property=\"og:image:width\" content=\"600\" \/>\n\t<meta property=\"og:image:height\" content=\"900\" \/>\n\t<meta property=\"og:image:type\" content=\"image\/webp\" \/>\n<meta name=\"twitter:card\" content=\"summary_large_image\" \/>\n<meta name=\"twitter:label1\" content=\"Est. reading time\" \/>\n\t<meta name=\"twitter:data1\" content=\"4 minutes\" \/>\n<script type=\"application\/ld+json\" class=\"yoast-schema-graph\">{\"@context\":\"https:\/\/schema.org\",\"@graph\":[{\"@type\":\"WebPage\",\"@id\":\"https:\/\/clinicavictoria.ro\/pitesti\/dr-ligia-comanescu\/\",\"url\":\"https:\/\/clinicavictoria.ro\/pitesti\/dr-ligia-comanescu\/\",\"name\":\"Dr. Ligia Comanescu\",\"isPartOf\":{\"@id\":\"https:\/\/clinicavictoria.ro\/pitesti\/#website\"},\"primaryImageOfPage\":{\"@id\":\"https:\/\/clinicavictoria.ro\/pitesti\/dr-ligia-comanescu\/#primaryimage\"},\"image\":{\"@id\":\"https:\/\/clinicavictoria.ro\/pitesti\/dr-ligia-comanescu\/#primaryimage\"},\"thumbnailUrl\":\"https:\/\/clinicavictoria.ro\/pitesti\/wp-content\/uploads\/2022\/08\/Dr.-Ligia-Coma\u0306nescu-medic-specialist-ortodont.webp\",\"datePublished\":\"2024-06-20T12:54:39+00:00\",\"dateModified\":\"2024-06-20T12:59:08+00:00\",\"description\":\"Sunt Ligia Com\u0103nescu \u0219i de 13 ani practic ortodon\u021bie cu pasiune zi de zi. V\u0103 a\u0219tept cu drag pentru consulta\u021bii \u0219i tratamente ortodontice.\",\"breadcrumb\":{\"@id\":\"https:\/\/clinicavictoria.ro\/pitesti\/dr-ligia-comanescu\/#breadcrumb\"},\"inLanguage\":\"en-US\",\"potentialAction\":[{\"@type\":\"ReadAction\",\"target\":[\"https:\/\/clinicavictoria.ro\/pitesti\/dr-ligia-comanescu\/\"]}]},{\"@type\":\"ImageObject\",\"inLanguage\":\"en-US\",\"@id\":\"https:\/\/clinicavictoria.ro\/pitesti\/dr-ligia-comanescu\/#primaryimage\",\"url\":\"https:\/\/clinicavictoria.ro\/pitesti\/wp-content\/uploads\/2022\/08\/Dr.-Ligia-Coma\u0306nescu-medic-specialist-ortodont.webp\",\"contentUrl\":\"https:\/\/clinicavictoria.ro\/pitesti\/wp-content\/uploads\/2022\/08\/Dr.-Ligia-Coma\u0306nescu-medic-specialist-ortodont.webp\",\"width\":600,\"height\":900,\"caption\":\"Dr. Ligia Coma\u0306nescu medic specialist ortodont\"},{\"@type\":\"BreadcrumbList\",\"@id\":\"https:\/\/clinicavictoria.ro\/pitesti\/dr-ligia-comanescu\/#breadcrumb\",\"itemListElement\":[{\"@type\":\"ListItem\",\"position\":1,\"name\":\"Home\",\"item\":\"https:\/\/clinicavictoria.ro\/pitesti\/\"},{\"@type\":\"ListItem\",\"position\":2,\"name\":\"Dr. Ligia Comanescu\"}]},{\"@type\":\"WebSite\",\"@id\":\"https:\/\/clinicavictoria.ro\/pitesti\/#website\",\"url\":\"https:\/\/clinicavictoria.ro\/pitesti\/\",\"name\":\"Clinica dentar\u0103 Victoria - Pite\u0219ti\",\"description\":\"\",\"publisher\":{\"@id\":\"https:\/\/clinicavictoria.ro\/pitesti\/#organization\"},\"potentialAction\":[{\"@type\":\"SearchAction\",\"target\":{\"@type\":\"EntryPoint\",\"urlTemplate\":\"https:\/\/clinicavictoria.ro\/pitesti\/?s={search_term_string}\"},\"query-input\":{\"@type\":\"PropertyValueSpecification\",\"valueRequired\":true,\"valueName\":\"search_term_string\"}}],\"inLanguage\":\"en-US\"},{\"@type\":\"Organization\",\"@id\":\"https:\/\/clinicavictoria.ro\/pitesti\/#organization\",\"name\":\"Clinica dentar\u0103 Victoria - Pite\u0219ti\",\"url\":\"https:\/\/clinicavictoria.ro\/pitesti\/\",\"logo\":{\"@type\":\"ImageObject\",\"inLanguage\":\"en-US\",\"@id\":\"https:\/\/clinicavictoria.ro\/pitesti\/#\/schema\/logo\/image\/\",\"url\":\"https:\/\/clinicavictoria.ro\/pitesti\/wp-content\/uploads\/2022\/08\/logo_clinicavictoria_pitesti.webp\",\"contentUrl\":\"https:\/\/clinicavictoria.ro\/pitesti\/wp-content\/uploads\/2022\/08\/logo_clinicavictoria_pitesti.webp\",\"width\":700,\"height\":190,\"caption\":\"Clinica dentar\u0103 Victoria - Pite\u0219ti\"},\"image\":{\"@id\":\"https:\/\/clinicavictoria.ro\/pitesti\/#\/schema\/logo\/image\/\"}}]}<\/script>\n<!-- \/ Yoast SEO plugin. -->","yoast_head_json":{"title":"Dr. Ligia Comanescu","description":"Sunt Ligia Com\u0103nescu \u0219i de 13 ani practic ortodon\u021bie cu pasiune zi de zi. V\u0103 a\u0219tept cu drag pentru consulta\u021bii \u0219i tratamente ortodontice.","robots":{"index":"index","follow":"follow","max-snippet":"max-snippet:-1","max-image-preview":"max-image-preview:large","max-video-preview":"max-video-preview:-1"},"canonical":"https:\/\/clinicavictoria.ro\/pitesti\/dr-ligia-comanescu\/","og_locale":"en_US","og_type":"article","og_title":"Dr. Ligia Comanescu","og_description":"Sunt Ligia Com\u0103nescu \u0219i de 13 ani practic ortodon\u021bie cu pasiune zi de zi. V\u0103 a\u0219tept cu drag pentru consulta\u021bii \u0219i tratamente ortodontice.","og_url":"https:\/\/clinicavictoria.ro\/pitesti\/dr-ligia-comanescu\/","og_site_name":"Clinica dentar\u0103 Victoria - Pite\u0219ti","article_modified_time":"2024-06-20T12:59:08+00:00","og_image":[{"width":600,"height":900,"url":"https:\/\/clinicavictoria.ro\/pitesti\/wp-content\/uploads\/2022\/08\/Dr.-Ligia-Coma\u0306nescu-medic-specialist-ortodont.webp","type":"image\/webp"}],"twitter_card":"summary_large_image","twitter_misc":{"Est. reading time":"4 minutes"},"schema":{"@context":"https:\/\/schema.org","@graph":[{"@type":"WebPage","@id":"https:\/\/clinicavictoria.ro\/pitesti\/dr-ligia-comanescu\/","url":"https:\/\/clinicavictoria.ro\/pitesti\/dr-ligia-comanescu\/","name":"Dr. Ligia Comanescu","isPartOf":{"@id":"https:\/\/clinicavictoria.ro\/pitesti\/#website"},"primaryImageOfPage":{"@id":"https:\/\/clinicavictoria.ro\/pitesti\/dr-ligia-comanescu\/#primaryimage"},"image":{"@id":"https:\/\/clinicavictoria.ro\/pitesti\/dr-ligia-comanescu\/#primaryimage"},"thumbnailUrl":"https:\/\/clinicavictoria.ro\/pitesti\/wp-content\/uploads\/2022\/08\/Dr.-Ligia-Coma\u0306nescu-medic-specialist-ortodont.webp","datePublished":"2024-06-20T12:54:39+00:00","dateModified":"2024-06-20T12:59:08+00:00","description":"Sunt Ligia Com\u0103nescu \u0219i de 13 ani practic ortodon\u021bie cu pasiune zi de zi. V\u0103 a\u0219tept cu drag pentru consulta\u021bii \u0219i tratamente ortodontice.","breadcrumb":{"@id":"https:\/\/clinicavictoria.ro\/pitesti\/dr-ligia-comanescu\/#breadcrumb"},"inLanguage":"en-US","potentialAction":[{"@type":"ReadAction","target":["https:\/\/clinicavictoria.ro\/pitesti\/dr-ligia-comanescu\/"]}]},{"@type":"ImageObject","inLanguage":"en-US","@id":"https:\/\/clinicavictoria.ro\/pitesti\/dr-ligia-comanescu\/#primaryimage","url":"https:\/\/clinicavictoria.ro\/pitesti\/wp-content\/uploads\/2022\/08\/Dr.-Ligia-Coma\u0306nescu-medic-specialist-ortodont.webp","contentUrl":"https:\/\/clinicavictoria.ro\/pitesti\/wp-content\/uploads\/2022\/08\/Dr.-Ligia-Coma\u0306nescu-medic-specialist-ortodont.webp","width":600,"height":900,"caption":"Dr. Ligia Coma\u0306nescu medic specialist ortodont"},{"@type":"BreadcrumbList","@id":"https:\/\/clinicavictoria.ro\/pitesti\/dr-ligia-comanescu\/#breadcrumb","itemListElement":[{"@type":"ListItem","position":1,"name":"Home","item":"https:\/\/clinicavictoria.ro\/pitesti\/"},{"@type":"ListItem","position":2,"name":"Dr. Ligia Comanescu"}]},{"@type":"WebSite","@id":"https:\/\/clinicavictoria.ro\/pitesti\/#website","url":"https:\/\/clinicavictoria.ro\/pitesti\/","name":"Clinica dentar\u0103 Victoria - Pite\u0219ti","description":"","publisher":{"@id":"https:\/\/clinicavictoria.ro\/pitesti\/#organization"},"potentialAction":[{"@type":"SearchAction","target":{"@type":"EntryPoint","urlTemplate":"https:\/\/clinicavictoria.ro\/pitesti\/?s={search_term_string}"},"query-input":{"@type":"PropertyValueSpecification","valueRequired":true,"valueName":"search_term_string"}}],"inLanguage":"en-US"},{"@type":"Organization","@id":"https:\/\/clinicavictoria.ro\/pitesti\/#organization","name":"Clinica dentar\u0103 Victoria - Pite\u0219ti","url":"https:\/\/clinicavictoria.ro\/pitesti\/","logo":{"@type":"ImageObject","inLanguage":"en-US","@id":"https:\/\/clinicavictoria.ro\/pitesti\/#\/schema\/logo\/image\/","url":"https:\/\/clinicavictoria.ro\/pitesti\/wp-content\/uploads\/2022\/08\/logo_clinicavictoria_pitesti.webp","contentUrl":"https:\/\/clinicavictoria.ro\/pitesti\/wp-content\/uploads\/2022\/08\/logo_clinicavictoria_pitesti.webp","width":700,"height":190,"caption":"Clinica dentar\u0103 Victoria - Pite\u0219ti"},"image":{"@id":"https:\/\/clinicavictoria.ro\/pitesti\/#\/schema\/logo\/image\/"}}]}},"_links":{"self":[{"href":"https:\/\/clinicavictoria.ro\/pitesti\/wp-json\/wp\/v2\/pages\/2530"}],"collection":[{"href":"https:\/\/clinicavictoria.ro\/pitesti\/wp-json\/wp\/v2\/pages"}],"about":[{"href":"https:\/\/clinicavictoria.ro\/pitesti\/wp-json\/wp\/v2\/types\/page"}],"author":[{"embeddable":true,"href":"https:\/\/clinicavictoria.ro\/pitesti\/wp-json\/wp\/v2\/users\/3"}],"replies":[{"embeddable":true,"href":"https:\/\/clinicavictoria.ro\/pitesti\/wp-json\/wp\/v2\/comments?post=2530"}],"version-history":[{"count":6,"href":"https:\/\/clinicavictoria.ro\/pitesti\/wp-json\/wp\/v2\/pages\/2530\/revisions"}],"predecessor-version":[{"id":2538,"href":"https:\/\/clinicavictoria.ro\/pitesti\/wp-json\/wp\/v2\/pages\/2530\/revisions\/2538"}],"wp:featuredmedia":[{"embeddable":true,"href":"https:\/\/clinicavictoria.ro\/pitesti\/wp-json\/wp\/v2\/media\/1842"}],"wp:attachment":[{"href":"https:\/\/clinicavictoria.ro\/pitesti\/wp-json\/wp\/v2\/media?parent=2530"}],"curies":[{"name":"wp","href":"https:\/\/api.w.org\/{rel}","templated":true}]}}